{"id":3620,"date":"2020-06-18T13:03:51","date_gmt":"2020-06-18T11:03:51","guid":{"rendered":"http:\/\/bcc-seguros.pt\/?page_id=3620"},"modified":"2020-07-08T17:28:09","modified_gmt":"2020-07-08T15:28:09","slug":"one","status":"publish","type":"page","link":"https:\/\/bcc-seguros.pt\/index.php\/fr\/one\/","title":{"rendered":"ONE"},"content":{"rendered":"<div id='full_slider_1'  class='avia-fullwidth-slider main_color avia-shadow   avia-builder-el-0  el_before_av_hr  avia-builder-el-first   container_wrap fullsize' style=' '  ><div   data-size='featured'  data-lightbox_size='large'  data-animation='slide'  data-conditional_play=''  data-ids='3693'  data-video_counter='0'  data-autoplay='false'  data-bg_slider='false'  data-slide_height=''  data-handle='av_slideshow_full'  data-interval='5'  data-class=' '  data-el_id=''  data-css_id=''  data-scroll_down=''  data-control_layout='av-control-default'  data-custom_markup=''  data-perma_caption=''  data-autoplay_stopper=''  data-image_attachment=''  data-min_height='0px'  data-src=''  data-position='top left'  data-repeat='no-repeat'  data-attach='scroll'  data-stretch=''  data-default-height='28.666666666667'  class='avia-slideshow avia-slideshow-1  av-control-default av-default-height-applied avia-slideshow-featured av_slideshow_full   avia-slide-slider '  itemprop=\"image\" itemscope=\"itemscope\" itemtype=\"https:\/\/schema.org\/ImageObject\" ><ul class='avia-slideshow-inner ' style='padding-bottom: 28.666666666667%;' ><li  class=' av-single-slide slide-1 ' ><div data-rel='slideshow-1' class='avia-slide-wrap '   ><div class = \"caption_fullwidth av-slideshow-caption caption_left\"><div class = \"container caption_container\"><div class = \"slideshow_caption\"><div class = \"slideshow_inner_caption\"><div class = \"slideshow_align_caption\"><h2  class='avia-caption-title  '  itemprop=\"name\" >ONE<\/h2><div class='avia-caption-content  '  itemprop=\"description\"  ><p>La compl\u00e9mentaire sant\u00e9 pour tous les fran\u00e7ais au Portugal<\/p>\n<\/div><\/div><\/div><\/div><\/div><\/div><img src='https:\/\/bcc-seguros.pt\/wp-content\/uploads\/2020\/06\/800-1500x430.jpg' width='1500' height='430' title='Blonde woman standing on the balcony and looking at coast view of the southern european city with sea during the sunset, wearing hat, cork bag, safari shorts and white shirt' alt=''  itemprop=\"thumbnailUrl\"   \/><\/div><\/li><\/ul><\/div><\/div><div id='after_full_slider_1'  class='main_color av_default_container_wrap container_wrap fullsize' style=' '  ><div class='container' ><div class='template-page content  av-content-full alpha units'><div class='post-entry post-entry-type-page post-entry-3620'><div class='entry-content-wrapper clearfix'>\n<div   class='hr hr-default   avia-builder-el-1  el_after_av_slideshow_full  el_before_av_three_fifth  avia-builder-el-first '><span class='hr-inner ' ><span class='hr-inner-style'><\/span><\/span><\/div>\n<div class=\"flex_column av_three_fifth  av-animated-generic left-to-right  flex_column_div av-zero-column-padding first  avia-builder-el-2  el_after_av_hr  el_before_av_two_fifth  \" style='border-radius:0px; '><section class=\"av_textblock_section \"  itemscope=\"itemscope\" itemtype=\"https:\/\/schema.org\/CreativeWork\" ><div class='avia_textblock  '   itemprop=\"text\" ><h3 style=\"text-align: left;\"><strong>Les Avantages :<\/strong><\/h3>\n<\/div><\/section><br \/>\n<section class=\"av_textblock_section \"  itemscope=\"itemscope\" itemtype=\"https:\/\/schema.org\/CreativeWork\" ><div class='avia_textblock  '   itemprop=\"text\" ><ul>\n<li>La t\u00e9l\u00e9consultation 24h\/24 et 7J\/7<\/li>\n<li>Adh\u00e9sion jusqu\u2019\u00e0 75 ans<\/li>\n<li>Pas de d\u00e9lai de carence<\/li>\n<li>Dur\u00e9e viag\u00e8re sans limite d\u2019\u00e2ge<\/li>\n<li>7 formules de garanties<\/li>\n<li>Un r\u00e9seau de soin privil\u00e9gi\u00e9<\/li>\n<li>Garantie assistance<\/li>\n<\/ul>\n<\/div><\/section><\/p><\/div>\n<div class=\"flex_column av_two_fifth  flex_column_div   avia-builder-el-5  el_after_av_three_fifth  el_before_av_hr  \" ><div  class='avia-image-container avia_animated_image avia_animate_when_almost_visible right-to-left av-styling-    avia-builder-el-6  avia-builder-el-no-sibling  avia-align-center '  itemprop=\"image\" itemscope=\"itemscope\" itemtype=\"https:\/\/schema.org\/ImageObject\"  ><div class='avia-image-container-inner'><div class='avia-image-overlay-wrap'><img class='avia_image' src='https:\/\/bcc-seguros.pt\/wp-content\/uploads\/2020\/07\/AdobeStock_232083374-1030x687.jpeg' alt='' title='Beautiful fado singer performing with handsome portuguese guitarist player, Portugal' height=\"687\" width=\"1030\"  itemprop=\"thumbnailUrl\"  \/><\/div><\/div><\/div><\/div><div   class='hr hr-default   avia-builder-el-7  el_after_av_two_fifth  el_before_av_section  avia-builder-el-last '><span class='hr-inner ' ><span class='hr-inner-style'><\/span><\/span><\/div><\/p>\n<\/div><\/div><\/div><!-- close content main div --><\/div><\/div><div id='av_section_1'  class='avia-section main_color avia-section-default avia-no-border-styling avia-bg-style-scroll  avia-builder-el-8  el_after_av_hr  el_before_av_section   container_wrap fullsize' style='background-color: #b02b2c;  '  ><div class='container' ><div class='template-page content  av-content-full alpha units'><div class='post-entry post-entry-type-page post-entry-3620'><div class='entry-content-wrapper clearfix'>\n<div  style='height:50px' class='hr hr-invisible   avia-builder-el-9  el_before_av_textblock  avia-builder-el-first '><span class='hr-inner ' ><span class='hr-inner-style'><\/span><\/span><\/div>\n<section class=\"av_textblock_section \"  itemscope=\"itemscope\" itemtype=\"https:\/\/schema.org\/CreativeWork\" ><div class='avia_textblock  av_inherit_color '  style='color:#ffffff; '  itemprop=\"text\" ><h3 style=\"text-align: center;\">Plus d&#8217;informations en cliquant sur les boutons ci-dessous<\/h3>\n<\/div><\/section>\n<div class=\"flex_column av_one_half  flex_column_div first  avia-builder-el-11  el_after_av_textblock  el_before_av_one_half  column-top-margin\" ><div  class='avia-button-wrap avia-button-center  avia-builder-el-12  avia-builder-el-no-sibling ' ><a href='http:\/\/bcc-seguros.pt#contactme'  class='avia-button   avia-icon_select-no avia-color-light avia-size-x-large avia-position-center '   ><span class='avia_iconbox_title' >Demander un devis<\/span><\/a><\/div><\/div><div class=\"flex_column av_one_half  flex_column_div   avia-builder-el-13  el_after_av_one_half  el_before_av_hr  column-top-margin\" ><div  class='avia-button-wrap avia-button-center  avia-builder-el-14  avia-builder-el-no-sibling ' ><a href=''  class='avia-button   avia-icon_select-no avia-color-light avia-size-x-large avia-position-center '   ><span class='avia_iconbox_title' >T\u00e9l\u00e9charger la documentation<\/span><\/a><\/div><\/div><div  style='height:50px' class='hr hr-invisible   avia-builder-el-15  el_after_av_one_half  avia-builder-el-last '><span class='hr-inner ' ><span class='hr-inner-style'><\/span><\/span><\/div>\n<\/div><\/div><\/div><!-- close content main div --><\/div><\/div><div id='av_section_2'  class='avia-section main_color avia-section-default avia-no-border-styling avia-bg-style-scroll  avia-builder-el-16  el_after_av_section  avia-builder-el-last   container_wrap fullsize' style='background-color: #565656;  '  ><div class='container' ><div class='template-page content  av-content-full alpha units'><div class='post-entry post-entry-type-page post-entry-3620'><div class='entry-content-wrapper clearfix'>\n<div   class='hr hr-default   avia-builder-el-17  el_before_av_textblock  avia-builder-el-first '><span class='hr-inner ' ><span class='hr-inner-style'><\/span><\/span><\/div>\n<section class=\"av_textblock_section \"  itemscope=\"itemscope\" itemtype=\"https:\/\/schema.org\/CreativeWork\" ><div class='avia_textblock  av_inherit_color '  style='color:#ffffff; '  itemprop=\"text\" ><h1><strong>Vous d\u00e9cidez de partir vivre au Portugal<\/strong><\/h1>\n<p>Avant votre d\u00e9part de France, demandez<strong> le formulaire E 121\/S1 <\/strong>\u00e0 votre caisse de retraite, ou \u00e0 l\u2019assurance maladie. Une fois sur place, ce document vous permettra de vous inscrire aupr\u00e8s de l\u2019organisme de s\u00e9curit\u00e9 sociale de votre lieu de r\u00e9sidence. Vous b\u00e9n\u00e9ficierez de la prise en charge de vos soins m\u00e9dicaux selon la l\u00e9gislation et les formalit\u00e9s en vigueur dans ce pays.<\/p>\n<p>De plus, si vous venez au Portugal, vous devez vous munir de <strong>la carte europ\u00e9enne d\u2019assur\u00e9 social<\/strong> vous permettant d\u2019acc\u00e9der aux soins de sant\u00e9, en cas d\u2019urgence, avant d\u2019obtenir votre carte d\u2019utilisateur du SNS (Service National de Sant\u00e9).<\/p>\n<p>Votre caisse d\u2019Assurance Maladie en France reste comp\u00e9tente pour la prise en charge de tous les soins m\u00e9dicaux re\u00e7us ult\u00e9rieurement lors de vos s\u00e9jours temporaires en France et \u00e0 l\u2019\u00e9tranger. C\u2019est \u00e9galement elle qui reste comp\u00e9tente pour vous d\u00e9livrer, \u00e0 votre demande, une carte europ\u00e9enne d\u2019assurance maladie (CEAM).<\/p>\n<p>En cas de s\u00e9jour temporaire en France, vous retrouvez l\u2019int\u00e9gralit\u00e9 de vos droits \u00e0 l\u2019assurance maladie.<\/p>\n<\/div><\/section>\n<div  style='height:30px' class='hr hr-invisible   avia-builder-el-19  el_after_av_textblock  el_before_av_textblock '><span class='hr-inner ' ><span class='hr-inner-style'><\/span><\/span><\/div>\n<section class=\"av_textblock_section \"  itemscope=\"itemscope\" itemtype=\"https:\/\/schema.org\/CreativeWork\" ><div class='avia_textblock  av_inherit_color '  style='color:#ffffff; '  itemprop=\"text\" ><h1><strong>Quand vous arrivez au Portugal<\/strong><\/h1>\n<p>Au Portugal, les services officiels charg\u00e9s de la prestation des soins de sant\u00e9 \u00e0 la population sont organis\u00e9s au sein du Service National de Sant\u00e9 (SNS), qui d\u00e9pend du minist\u00e8re de la sant\u00e9 et comprend des \u00ab centres de sant\u00e9 \u00bb et \u00ab des h\u00f4pitaux publics \u00bb.<\/p>\n<p>Si vous allez dans les centres de sant\u00e9 ou les h\u00f4pitaux publics, vous avez \u00e0 payer le ticket mod\u00e9rateur, entre 5 \u20ac pour les consultations dans les centres de sant\u00e9 et de 50 \u20ac pour les traitements d\u2019urgence \u00e0 l\u2019h\u00f4pital.<\/p>\n<p>L\u2019hospitalisation se fait sur prescription du m\u00e9decin g\u00e9n\u00e9raliste, sauf en cas d\u2019urgence. Elle est gratuite en salle commune et en chambre individuelle lorsqu\u2019elle est prescrite par le m\u00e9decin.<\/p>\n<\/div><\/section>\n<\/p>\n","protected":false},"excerpt":{"rendered":"","protected":false},"author":2,"featured_media":0,"parent":0,"menu_order":0,"comment_status":"open","ping_status":"open","template":"","meta":{"_monsterinsights_skip_tracking":false,"_monsterinsights_sitenote_active":false,"_monsterinsights_sitenote_note":"","_monsterinsights_sitenote_category":0},"_links":{"self":[{"href":"https:\/\/bcc-seguros.pt\/index.php\/wp-json\/wp\/v2\/pages\/3620"}],"collection":[{"href":"https:\/\/bcc-seguros.pt\/index.php\/wp-json\/wp\/v2\/pages"}],"about":[{"href":"https:\/\/bcc-seguros.pt\/index.php\/wp-json\/wp\/v2\/types\/page"}],"author":[{"embeddable":true,"href":"https:\/\/bcc-seguros.pt\/index.php\/wp-json\/wp\/v2\/users\/2"}],"replies":[{"embeddable":true,"href":"https:\/\/bcc-seguros.pt\/index.php\/wp-json\/wp\/v2\/comments?post=3620"}],"version-history":[{"count":6,"href":"https:\/\/bcc-seguros.pt\/index.php\/wp-json\/wp\/v2\/pages\/3620\/revisions"}],"predecessor-version":[{"id":3876,"href":"https:\/\/bcc-seguros.pt\/index.php\/wp-json\/wp\/v2\/pages\/3620\/revisions\/3876"}],"wp:attachment":[{"href":"https:\/\/bcc-seguros.pt\/index.php\/wp-json\/wp\/v2\/media?parent=3620"}],"curies":[{"name":"wp","href":"https:\/\/api.w.org\/{rel}","templated":true}]}}